{"id":13,"date":"2018-12-08T13:46:45","date_gmt":"2018-12-08T13:46:45","guid":{"rendered":"http:\/\/bi-wehraecker.de\/?page_id=13"},"modified":"2018-12-29T12:25:54","modified_gmt":"2018-12-29T12:25:54","slug":"ueber-uns","status":"publish","type":"page","link":"http:\/\/bi-wehraecker.de\/?page_id=13","title":{"rendered":"\u00dcber uns"},"content":{"rendered":"<p>Wir sind eine Gruppe von mehr als 25 Abstatter B\u00fcrgern, die nicht mehr bereit sind, die Fehlentwicklungen in Abstatt weiterhin widerspruchslos hinzunehmen. Die tief sitzende Unzufriedenheit mit der Entwicklung der Gemeinde war bei Vielen bereits vorhanden &#8211; das Fass zum \u00dcberlaufen brachte eine Aktion am 6.11.2018 im Sitzungssaal des Rathauses: Die P\u00e4chter der Kleingartenanlage &#8222;Wehr\u00e4cker&#8220; und die Grundst\u00fccksbesitzer am Bebauungsrand waren von der Gemeinde zu einer &#8222;Informationsveranstaltung \u00fcber \u00dcberlegungen der Gemeinde zur weiteren Entwicklung im Bereich Wehr\u00e4cker&#8220; eingeladen worden.<\/p>\n<p>Die Gemeinde Abstatt hat in dieser Veranstaltung\u00a0 am 6.11.2018 er\u00f6ffnet, dass geplant ist, im Eilverfahren auf der Basis des \u00a713b BauGB, unter Umgehung des Fl\u00e4chennutzungsplans, im Westen der Wehr\u00e4cker ein neues Baugebiet mit 14-15 Geb\u00e4uden zu erschlie\u00dfen.\u00a0 Den P\u00e4chtern wurden ohne Vorwarnung und Interessenausgleich unsachgem\u00e4\u00df vorformulierte Aufhebungsvertr\u00e4ge vorgelegt und die Grundst\u00fcckseigner wurden informiert, dass direkt an der jetzigen Bebauungsgrenze ein bis zu 3m hoher Garagenriegel geplant ist.<\/p>\n<p><span style=\"color: #ff0000;\"><b>Wir wollen uns als B\u00fcrgerinitiative unter anderem aus folgenden Gr\u00fcnden gegen diese Pl\u00e4ne zur Wehr setzen:<\/b><\/span><\/p>\n<p><b>Versch\u00e4rfung der prek\u00e4ren Verkehrssituation<\/b><\/p>\n<p>Der gesamte Verkehr soll durch die Helfenbergerstra\u00dfe ein- und ausgeleitet werden. Die ohnehin schon fast unertr\u00e4gliche Verkehrssituation um den Kindergarten\u00a0 \u201eLandgraben\u201c f\u00fchrt heute schon zu gef\u00e4hrlichen Situationen und Konflikten, zus\u00e4tzlicher Verkehr w\u00e4re nicht mehr tragbar<\/p>\n<p>Die einzige Anbindung\u00a0 von Abstatt-S\u00fcd an den Ortskern \u00fcber die Beilsteiner Stra\u00dfe ist jetzt schon \u00fcberlastet durch den zunehmenden LKW, Lieferwagen und PKW Verkehr zu und von den ans\u00e4ssigen Gewerbebetrieben und den Wohngebieten<\/p>\n<p><b>Weitere Zersiedlung<\/b><\/p>\n<p>Am abgeschlossenen Wohngebiet Wehr\u00e4cker wird durch den fingerartigen Siedlungsansatz der Ortsrand von Abstatt weiter ausgefranst statt planvoll entwickelt. Die landwirtschaftlich genutzten Fl\u00e4chen werden immer mehr reduziert und die Bauernh\u00f6fe verlieren ihre Lebensgrundlage. Teilbereiche des ehemaligen Kulturhistorischen Denkmals\u00a0 \u201eAlt-W\u00fcrttembergischer Landgraben\u201c w\u00fcrde in Mitleidenschaft gezogen.<\/p>\n<p><b>Zerst\u00f6rung eines wertvollen Naherholungsraums <\/b><\/p>\n<p>Die jahrelang mit viel individuellem Einsatz, Aufwand und Liebe gepflegten und erschlossenen Kleingartengrundst\u00fccke\u00a0 sollen zerst\u00f6rt werden<\/p>\n<p><b>Gef\u00e4hrdung sch\u00fctzenswerter Tier- und Pfanzenarten<\/b><\/p>\n<p>Der einzigartige Naturraum innerhalb der ansonsten intensiv genutzten Fl\u00e4chen bieten wertvolle R\u00fcckzugs- und \u00dcberlebensr\u00e4ume f\u00fcr seltene\u00a0 und daher unter besonderem Schutz stehende Tierarten. Die unmittelbare N\u00e4he zum anerkannten Biotop am Landgraben macht dies noch wertvoller.<\/p>\n<p><b>Unser Ziel ist die <\/b><b>Bebauung des geplanten Gebiets \u201eWehr\u00e4cker <\/b><b>II\u201c im <\/b><b>Eilverfahren neben dem Wohngebiet Wehr\u00e4cker zu verhindern<\/b><b>.<\/b><\/p>\n<p><span style=\"color: #ff0000;\"><b>NEUGIERIG? INTERESSIERT? ENGAGIERT<\/b><b>?<\/b><\/span><\/p>\n<p>Wenden sie sich an\u00a0 B\u00fcrgerinitiative \u201eWehr\u00e4cker\u201c e-mail: info@bi-wehraecker.de<\/p>\n\t\t<div class=\"wpulike wpulike-default \" ><div class=\"wp_ulike_general_class wp_ulike_is_not_liked\"><button type=\"button\"\n\t\t\t\t\tdata-ulike-id=\"13\"\n\t\t\t\t\tdata-ulike-nonce=\"adde45100a\"\n\t\t\t\t\tdata-ulike-type=\"likeThis\"\n\t\t\t\t\tdata-ulike-status=\"1\" class=\"wp_ulike_btn wp_ulike_put_image wp_likethis_13\"><\/button><span class=\"count-box\">0<\/span>\t\t\t<\/div><\/div>\n\t","protected":false},"excerpt":{"rendered":"<p>Wir sind eine Gruppe von mehr als 25 Abstatter B\u00fcrgern, die nicht mehr bereit sind, die Fehlentwicklungen in Abstatt weiterhin widerspruchslos hinzunehmen. Die tief sitzende&#8230;<\/p>\n","protected":false},"author":1,"featured_media":0,"parent":0,"menu_order":0,"comment_status":"closed","ping_status":"closed","template":"","meta":[],"_links":{"self":[{"href":"http:\/\/bi-wehraecker.de\/index.php?rest_route=\/wp\/v2\/pages\/13"}],"collection":[{"href":"http:\/\/bi-wehraecker.de\/index.php?rest_route=\/wp\/v2\/pages"}],"about":[{"href":"http:\/\/bi-wehraecker.de\/index.php?rest_route=\/wp\/v2\/types\/page"}],"author":[{"embeddable":true,"href":"http:\/\/bi-wehraecker.de\/index.php?rest_route=\/wp\/v2\/users\/1"}],"replies":[{"embeddable":true,"href":"http:\/\/bi-wehraecker.de\/index.php?rest_route=%2Fwp%2Fv2%2Fcomments&post=13"}],"version-history":[{"count":8,"href":"http:\/\/bi-wehraecker.de\/index.php?rest_route=\/wp\/v2\/pages\/13\/revisions"}],"predecessor-version":[{"id":252,"href":"http:\/\/bi-wehraecker.de\/index.php?rest_route=\/wp\/v2\/pages\/13\/revisions\/252"}],"wp:attachment":[{"href":"http:\/\/bi-wehraecker.de\/index.php?rest_route=%2Fwp%2Fv2%2Fmedia&parent=13"}],"curies":[{"name":"wp","href":"https:\/\/api.w.org\/{rel}","templated":true}]}}